{"id":243,"date":"2023-03-23T11:26:05","date_gmt":"2023-03-23T11:26:05","guid":{"rendered":"https:\/\/ju-jutsu-deiningen.de\/?page_id=243"},"modified":"2024-10-23T10:24:56","modified_gmt":"2024-10-23T10:24:56","slug":"berichte-2023","status":"publish","type":"page","link":"https:\/\/ju-jutsu-deiningen.de\/?page_id=243","title":{"rendered":"Berichte 2023"},"content":{"rendered":"\n<h2>Schnupperkurs 2023<\/h2>\n\n\n<div class=\"wp-block-image\">\n<figure class=\"alignleft size-large is-resized\"><img loading=\"lazy\" src=\"https:\/\/ju-jutsu-deiningen.de\/wp-content\/uploads\/2024\/10\/Schnupperkurs_2023-724x1024.jpg\" alt=\"\" class=\"wp-image-348\" width=\"242\" height=\"342\" srcset=\"https:\/\/ju-jutsu-deiningen.de\/wp-content\/uploads\/2024\/10\/Schnupperkurs_2023-724x1024.jpg 724w, https:\/\/ju-jutsu-deiningen.de\/wp-content\/uploads\/2024\/10\/Schnupperkurs_2023-212x300.jpg 212w, https:\/\/ju-jutsu-deiningen.de\/wp-content\/uploads\/2024\/10\/Schnupperkurs_2023-768x1086.jpg 768w, https:\/\/ju-jutsu-deiningen.de\/wp-content\/uploads\/2024\/10\/Schnupperkurs_2023-1087x1536.jpg 1087w, https:\/\/ju-jutsu-deiningen.de\/wp-content\/uploads\/2024\/10\/Schnupperkurs_2023-1449x2048.jpg 1449w, https:\/\/ju-jutsu-deiningen.de\/wp-content\/uploads\/2024\/10\/Schnupperkurs_2023-scaled.jpg 1811w\" sizes=\"(max-width: 242px) 100vw, 242px\" \/><\/figure><\/div>\n\n\n<p><strong>Von Oktober bis Dezember 2023 f\u00fchrten wir wieder einen Schnupperkurs durch. Dieses mal in Zusammenarbeit mit der VHS N\u00f6rdlingen \/ Au\u00dfenstelle Deiningen.  Dies wurde gut angenommen und wir konnten 6 Teilnehmer begr\u00fc\u00dfen.<\/strong><\/p>\n\n\n\n<p><\/p>\n\n\n\n<h2><strong>Im Rahmen des 75-j\u00e4hrigen Bestehens der SpVgg Deiningen nahmen wir an verschiedenen Aktionen teil<\/strong><\/h2>\n\n\n\n<figure class=\"wp-block-image size-full\"><img loading=\"lazy\" width=\"341\" height=\"171\" src=\"https:\/\/ju-jutsu-deiningen.de\/wp-content\/uploads\/2022\/09\/75_Jahre.jpg\" alt=\"\" class=\"wp-image-41\" srcset=\"https:\/\/ju-jutsu-deiningen.de\/wp-content\/uploads\/2022\/09\/75_Jahre.jpg 341w, https:\/\/ju-jutsu-deiningen.de\/wp-content\/uploads\/2022\/09\/75_Jahre-300x150.jpg 300w\" sizes=\"(max-width: 341px) 100vw, 341px\" \/><\/figure>\n\n\n\n<h2><strong>Teilnehmer und Helfer beim Mudmen<\/strong><\/h2>\n\n\n\n<figure class=\"wp-block-image size-large is-resized\"><img loading=\"lazy\" src=\"https:\/\/ju-jutsu-deiningen.de\/wp-content\/uploads\/2023\/07\/DSC_1159-1024x684.jpg\" alt=\"\" class=\"wp-image-298\" width=\"777\" height=\"519\" srcset=\"https:\/\/ju-jutsu-deiningen.de\/wp-content\/uploads\/2023\/07\/DSC_1159-1024x684.jpg 1024w, https:\/\/ju-jutsu-deiningen.de\/wp-content\/uploads\/2023\/07\/DSC_1159-300x201.jpg 300w, https:\/\/ju-jutsu-deiningen.de\/wp-content\/uploads\/2023\/07\/DSC_1159-768x513.jpg 768w, https:\/\/ju-jutsu-deiningen.de\/wp-content\/uploads\/2023\/07\/DSC_1159-1536x1027.jpg 1536w, https:\/\/ju-jutsu-deiningen.de\/wp-content\/uploads\/2023\/07\/DSC_1159-2048x1369.jpg 2048w\" sizes=\"(max-width: 777px) 100vw, 777px\" \/><\/figure>\n\n\n\n<h2><strong>Ehrung zum 40-j\u00e4hrigen Bestehen der Abteilung Ju-Jutsu<\/strong><\/h2>\n\n\n<div class=\"wp-block-image\">\n<figure class=\"alignleft size-large is-resized\"><img loading=\"lazy\" src=\"https:\/\/ju-jutsu-deiningen.de\/wp-content\/uploads\/2023\/07\/2023_Ehrung-1024x581.jpg\" alt=\"\" class=\"wp-image-288\" width=\"549\" height=\"311\" srcset=\"https:\/\/ju-jutsu-deiningen.de\/wp-content\/uploads\/2023\/07\/2023_Ehrung-1024x581.jpg 1024w, https:\/\/ju-jutsu-deiningen.de\/wp-content\/uploads\/2023\/07\/2023_Ehrung-300x170.jpg 300w, https:\/\/ju-jutsu-deiningen.de\/wp-content\/uploads\/2023\/07\/2023_Ehrung-768x436.jpg 768w, https:\/\/ju-jutsu-deiningen.de\/wp-content\/uploads\/2023\/07\/2023_Ehrung-1536x872.jpg 1536w, https:\/\/ju-jutsu-deiningen.de\/wp-content\/uploads\/2023\/07\/2023_Ehrung-2048x1162.jpg 2048w\" sizes=\"(max-width: 549px) 100vw, 549px\" \/><\/figure><\/div>\n\n\n<figure class=\"wp-block-image size-large is-resized\"><img loading=\"lazy\" src=\"https:\/\/ju-jutsu-deiningen.de\/wp-content\/uploads\/2023\/07\/Chronik_2023_Urkunde-40J_JJ_klein-724x1024.jpg\" alt=\"\" class=\"wp-image-287\" width=\"335\" height=\"473\" srcset=\"https:\/\/ju-jutsu-deiningen.de\/wp-content\/uploads\/2023\/07\/Chronik_2023_Urkunde-40J_JJ_klein-724x1024.jpg 724w, https:\/\/ju-jutsu-deiningen.de\/wp-content\/uploads\/2023\/07\/Chronik_2023_Urkunde-40J_JJ_klein-212x300.jpg 212w, https:\/\/ju-jutsu-deiningen.de\/wp-content\/uploads\/2023\/07\/Chronik_2023_Urkunde-40J_JJ_klein-768x1086.jpg 768w, https:\/\/ju-jutsu-deiningen.de\/wp-content\/uploads\/2023\/07\/Chronik_2023_Urkunde-40J_JJ_klein-1087x1536.jpg 1087w, https:\/\/ju-jutsu-deiningen.de\/wp-content\/uploads\/2023\/07\/Chronik_2023_Urkunde-40J_JJ_klein-1449x2048.jpg 1449w, https:\/\/ju-jutsu-deiningen.de\/wp-content\/uploads\/2023\/07\/Chronik_2023_Urkunde-40J_JJ_klein-scaled.jpg 1811w\" sizes=\"(max-width: 335px) 100vw, 335px\" \/><\/figure>\n\n\n\n<div class=\"wp-container-2 wp-block-columns\">\n<div class=\"wp-container-1 wp-block-column\"><\/div>\n<\/div>\n\n\n\n<h2><strong>Umzug am Sonntag<\/strong><\/h2>\n\n\n\n<div class=\"wp-container-9 wp-block-group\"><div class=\"wp-block-group__inner-container\">\n<div class=\"wp-container-8 wp-block-columns\">\n<div class=\"wp-container-7 wp-block-column\" style=\"flex-basis:100%\">\n<div class=\"wp-container-6 wp-block-group\"><div class=\"wp-block-group__inner-container\"><div class=\"wp-block-image\">\n<figure class=\"alignleft size-large is-resized\"><img loading=\"lazy\" src=\"https:\/\/ju-jutsu-deiningen.de\/wp-content\/uploads\/2023\/07\/2023_Umzug_3-818x1024.jpg\" alt=\"\" class=\"wp-image-291\" width=\"394\" height=\"493\" srcset=\"https:\/\/ju-jutsu-deiningen.de\/wp-content\/uploads\/2023\/07\/2023_Umzug_3-818x1024.jpg 818w, https:\/\/ju-jutsu-deiningen.de\/wp-content\/uploads\/2023\/07\/2023_Umzug_3-240x300.jpg 240w, https:\/\/ju-jutsu-deiningen.de\/wp-content\/uploads\/2023\/07\/2023_Umzug_3-768x962.jpg 768w, https:\/\/ju-jutsu-deiningen.de\/wp-content\/uploads\/2023\/07\/2023_Umzug_3-1227x1536.jpg 1227w, https:\/\/ju-jutsu-deiningen.de\/wp-content\/uploads\/2023\/07\/2023_Umzug_3.jpg 1524w\" sizes=\"(max-width: 394px) 100vw, 394px\" \/><\/figure><\/div>\n\n\n<figure class=\"wp-container-4 wp-block-gallery-3 wp-block-gallery alignleft has-nested-images columns-default is-cropped\">\n<figure class=\"wp-block-image size-large is-resized\"><img loading=\"lazy\" src=\"https:\/\/ju-jutsu-deiningen.de\/wp-content\/uploads\/2023\/07\/2023_Umzug_2-1024x520.jpg\" alt=\"\" class=\"wp-image-290\" width=\"541\" height=\"274\" srcset=\"https:\/\/ju-jutsu-deiningen.de\/wp-content\/uploads\/2023\/07\/2023_Umzug_2-1024x520.jpg 1024w, https:\/\/ju-jutsu-deiningen.de\/wp-content\/uploads\/2023\/07\/2023_Umzug_2-300x152.jpg 300w, https:\/\/ju-jutsu-deiningen.de\/wp-content\/uploads\/2023\/07\/2023_Umzug_2-768x390.jpg 768w, https:\/\/ju-jutsu-deiningen.de\/wp-content\/uploads\/2023\/07\/2023_Umzug_2-1536x780.jpg 1536w, https:\/\/ju-jutsu-deiningen.de\/wp-content\/uploads\/2023\/07\/2023_Umzug_2-2048x1040.jpg 2048w\" sizes=\"(max-width: 541px) 100vw, 541px\" \/><\/figure>\n<\/figure>\n\n\n\n<div class=\"wp-container-5 wp-block-group\"><div class=\"wp-block-group__inner-container\">\n<figure class=\"wp-block-image size-large is-resized\"><img loading=\"lazy\" src=\"https:\/\/ju-jutsu-deiningen.de\/wp-content\/uploads\/2023\/07\/2023_Umzug_1-1024x585.jpg\" alt=\"\" class=\"wp-image-289\" width=\"479\" height=\"273\" srcset=\"https:\/\/ju-jutsu-deiningen.de\/wp-content\/uploads\/2023\/07\/2023_Umzug_1-1024x585.jpg 1024w, https:\/\/ju-jutsu-deiningen.de\/wp-content\/uploads\/2023\/07\/2023_Umzug_1-300x171.jpg 300w, https:\/\/ju-jutsu-deiningen.de\/wp-content\/uploads\/2023\/07\/2023_Umzug_1-768x439.jpg 768w, https:\/\/ju-jutsu-deiningen.de\/wp-content\/uploads\/2023\/07\/2023_Umzug_1-1536x878.jpg 1536w, https:\/\/ju-jutsu-deiningen.de\/wp-content\/uploads\/2023\/07\/2023_Umzug_1-2048x1170.jpg 2048w, https:\/\/ju-jutsu-deiningen.de\/wp-content\/uploads\/2023\/07\/2023_Umzug_1-1400x800.jpg 1400w\" sizes=\"(max-width: 479px) 100vw, 479px\" \/><\/figure>\n<\/div><\/div>\n<\/div><\/div>\n<\/div>\n<\/div>\n\n\n\n<figure class=\"wp-block-image size-large\"><img loading=\"lazy\" width=\"1024\" height=\"513\" src=\"https:\/\/ju-jutsu-deiningen.de\/wp-content\/uploads\/2023\/07\/2023_Umzug_4-1024x513.jpg\" alt=\"\" class=\"wp-image-292\" srcset=\"https:\/\/ju-jutsu-deiningen.de\/wp-content\/uploads\/2023\/07\/2023_Umzug_4-1024x513.jpg 1024w, https:\/\/ju-jutsu-deiningen.de\/wp-content\/uploads\/2023\/07\/2023_Umzug_4-300x150.jpg 300w, https:\/\/ju-jutsu-deiningen.de\/wp-content\/uploads\/2023\/07\/2023_Umzug_4-768x384.jpg 768w, https:\/\/ju-jutsu-deiningen.de\/wp-content\/uploads\/2023\/07\/2023_Umzug_4-1536x769.jpg 1536w, https:\/\/ju-jutsu-deiningen.de\/wp-content\/uploads\/2023\/07\/2023_Umzug_4-2048x1025.jpg 2048w\" sizes=\"(max-width: 1024px) 100vw, 1024px\" \/><\/figure>\n<\/div><\/div>\n\n\n\n<div class=\"wp-container-12 wp-block-group\"><div class=\"wp-block-group__inner-container\">\n<h2><strong>Kurze Vorf\u00fchrung am Sonntag Abend<\/strong><\/h2>\n\n\n\n<figure class=\"wp-container-11 wp-block-gallery-10 wp-block-gallery has-nested-images columns-default is-cropped\">\n<figure class=\"wp-block-image size-large\"><img loading=\"lazy\" width=\"1024\" height=\"984\" src=\"https:\/\/ju-jutsu-deiningen.de\/wp-content\/uploads\/2023\/07\/2023_Vorfuehrung_2-1024x984.jpg\" alt=\"\" class=\"wp-image-294\" srcset=\"https:\/\/ju-jutsu-deiningen.de\/wp-content\/uploads\/2023\/07\/2023_Vorfuehrung_2-1024x984.jpg 1024w, https:\/\/ju-jutsu-deiningen.de\/wp-content\/uploads\/2023\/07\/2023_Vorfuehrung_2-300x288.jpg 300w, https:\/\/ju-jutsu-deiningen.de\/wp-content\/uploads\/2023\/07\/2023_Vorfuehrung_2-768x738.jpg 768w, https:\/\/ju-jutsu-deiningen.de\/wp-content\/uploads\/2023\/07\/2023_Vorfuehrung_2.jpg 1355w\" sizes=\"(max-width: 1024px) 100vw, 1024px\" \/><\/figure>\n\n\n\n<figure class=\"wp-block-image size-large\"><img loading=\"lazy\" width=\"823\" height=\"1024\" src=\"https:\/\/ju-jutsu-deiningen.de\/wp-content\/uploads\/2023\/07\/2023_Vorfuehrung_4-823x1024.jpg\" alt=\"\" class=\"wp-image-295\" srcset=\"https:\/\/ju-jutsu-deiningen.de\/wp-content\/uploads\/2023\/07\/2023_Vorfuehrung_4-823x1024.jpg 823w, https:\/\/ju-jutsu-deiningen.de\/wp-content\/uploads\/2023\/07\/2023_Vorfuehrung_4-241x300.jpg 241w, https:\/\/ju-jutsu-deiningen.de\/wp-content\/uploads\/2023\/07\/2023_Vorfuehrung_4-768x955.jpg 768w, https:\/\/ju-jutsu-deiningen.de\/wp-content\/uploads\/2023\/07\/2023_Vorfuehrung_4-1235x1536.jpg 1235w, https:\/\/ju-jutsu-deiningen.de\/wp-content\/uploads\/2023\/07\/2023_Vorfuehrung_4.jpg 1252w\" sizes=\"(max-width: 823px) 100vw, 823px\" \/><\/figure>\n\n\n\n<figure class=\"wp-block-image size-large\"><img loading=\"lazy\" width=\"989\" height=\"1024\" src=\"https:\/\/ju-jutsu-deiningen.de\/wp-content\/uploads\/2023\/07\/2023_Vorfuehrung_3-989x1024.jpg\" alt=\"\" class=\"wp-image-297\" srcset=\"https:\/\/ju-jutsu-deiningen.de\/wp-content\/uploads\/2023\/07\/2023_Vorfuehrung_3-989x1024.jpg 989w, https:\/\/ju-jutsu-deiningen.de\/wp-content\/uploads\/2023\/07\/2023_Vorfuehrung_3-290x300.jpg 290w, https:\/\/ju-jutsu-deiningen.de\/wp-content\/uploads\/2023\/07\/2023_Vorfuehrung_3-768x795.jpg 768w, https:\/\/ju-jutsu-deiningen.de\/wp-content\/uploads\/2023\/07\/2023_Vorfuehrung_3-1483x1536.jpg 1483w, https:\/\/ju-jutsu-deiningen.de\/wp-content\/uploads\/2023\/07\/2023_Vorfuehrung_3.jpg 1882w\" sizes=\"(max-width: 989px) 100vw, 989px\" \/><\/figure>\n\n\n\n<figure class=\"wp-block-image size-large\"><img loading=\"lazy\" width=\"1024\" height=\"531\" src=\"https:\/\/ju-jutsu-deiningen.de\/wp-content\/uploads\/2023\/07\/2023_Vorfuehrung_1-1024x531.jpg\" alt=\"\" class=\"wp-image-296\" srcset=\"https:\/\/ju-jutsu-deiningen.de\/wp-content\/uploads\/2023\/07\/2023_Vorfuehrung_1-1024x531.jpg 1024w, https:\/\/ju-jutsu-deiningen.de\/wp-content\/uploads\/2023\/07\/2023_Vorfuehrung_1-300x155.jpg 300w, https:\/\/ju-jutsu-deiningen.de\/wp-content\/uploads\/2023\/07\/2023_Vorfuehrung_1-768x398.jpg 768w, https:\/\/ju-jutsu-deiningen.de\/wp-content\/uploads\/2023\/07\/2023_Vorfuehrung_1-1536x796.jpg 1536w, https:\/\/ju-jutsu-deiningen.de\/wp-content\/uploads\/2023\/07\/2023_Vorfuehrung_1-2048x1061.jpg 2048w\" sizes=\"(max-width: 1024px) 100vw, 1024px\" \/><\/figure>\n<\/figure>\n<\/div><\/div>\n\n\n\n<p><\/p>\n\n\n\n<h2><strong>Landeslehrgang in Donauw\u00f6rth mit Hans Sperl &nbsp;<\/strong><\/h2>\n\n\n\n<figure class=\"wp-block-image size-large\"><img loading=\"lazy\" width=\"1024\" height=\"684\" src=\"https:\/\/ju-jutsu-deiningen.de\/wp-content\/uploads\/2023\/06\/DSC_1093-1024x684.jpg\" alt=\"\" class=\"wp-image-280\" srcset=\"https:\/\/ju-jutsu-deiningen.de\/wp-content\/uploads\/2023\/06\/DSC_1093-1024x684.jpg 1024w, https:\/\/ju-jutsu-deiningen.de\/wp-content\/uploads\/2023\/06\/DSC_1093-300x201.jpg 300w, https:\/\/ju-jutsu-deiningen.de\/wp-content\/uploads\/2023\/06\/DSC_1093-768x513.jpg 768w, https:\/\/ju-jutsu-deiningen.de\/wp-content\/uploads\/2023\/06\/DSC_1093-1536x1027.jpg 1536w, https:\/\/ju-jutsu-deiningen.de\/wp-content\/uploads\/2023\/06\/DSC_1093-2048x1369.jpg 2048w\" sizes=\"(max-width: 1024px) 100vw, 1024px\" \/><\/figure>\n\n\n\n<p>Die Ju-Jutsu-Abteilung der SG Airbus Helicoters veranstaltete am Samstag, den 27.05.2023 einen Techniklehrgang in Donauw\u00f6rth.<\/p>\n\n\n\n<p>Als Thema standen Weiterf\u00fchrungstechniken auf dem Programm. Sei es bei Hebeln oder der Abwehr von Schlagtechniken. So wurden viele neue Impulse f\u00fcr das Training gegeben.<\/p>\n\n\n\n<h2><strong>Hohe Ehrung f\u00fcr Deininger Kampfsportler<\/strong><\/h2>\n\n\n\n<figure class=\"wp-block-image size-large\"><img loading=\"lazy\" width=\"735\" height=\"1024\" src=\"https:\/\/ju-jutsu-deiningen.de\/wp-content\/uploads\/2023\/06\/Dan_270523_001-735x1024.jpg\" alt=\"\" class=\"wp-image-271\" srcset=\"https:\/\/ju-jutsu-deiningen.de\/wp-content\/uploads\/2023\/06\/Dan_270523_001-735x1024.jpg 735w, https:\/\/ju-jutsu-deiningen.de\/wp-content\/uploads\/2023\/06\/Dan_270523_001-215x300.jpg 215w, https:\/\/ju-jutsu-deiningen.de\/wp-content\/uploads\/2023\/06\/Dan_270523_001-768x1070.jpg 768w, https:\/\/ju-jutsu-deiningen.de\/wp-content\/uploads\/2023\/06\/Dan_270523_001-1102x1536.jpg 1102w, https:\/\/ju-jutsu-deiningen.de\/wp-content\/uploads\/2023\/06\/Dan_270523_001-1470x2048.jpg 1470w, https:\/\/ju-jutsu-deiningen.de\/wp-content\/uploads\/2023\/06\/Dan_270523_001.jpg 1696w\" sizes=\"(max-width: 735px) 100vw, 735px\" \/><\/figure>\n\n\n\n<p>W\u00e4hrend des Landeslehrgangs am 27.5.23 in Donauw\u00f6rth wurde einem Deininger Kampfsportler eine hohe Ehrung zuteil. Nach fast 40 Jahren auf der Matte, davon fast 30 Jahre als Trainer und 25 Jahre als Abteilungsleiter der Abteilung Ju-Jutsu der SpVgg Deiningen, wurde &nbsp;<strong>&#8222;Rocky&#8220;<\/strong> Frank Oefele ehrenhalber der zweite Dan verliehen.<\/p>\n\n\n\n<p>Hierzu reiste Berthold Ottmann als Vorsitzender der Ehrungskommission des Bayerischen Ju-Jutsu-Verbandes eigens aus M\u00fcnchen an. In der feierlichen Vita vor den versammelten Lehrgangsteilnehmern wurde die eine und andere Anekdote hervorgeholt und in der kurzweiligen Rede eingebaut. Durch seinen unerm\u00fcdlichen Einsatz als Trainer, Pr\u00fcfer, und Abteilungsleiter hat sich Frank Oefele um den Sport Ju-Jutsu verdient gemacht.<\/p>\n\n\n\n<p>Der sichtlich \u00fcberraschte Geehrte nahm Urkunde sowie neuen G\u00fcrtel von Berthold Ottmann und Hans Sperl dankbar entgegen und wurde von den anwesenden Sportlern entsprechend gefeiert.<\/p>\n\n\n\n<p><\/p>\n\n\n\n<h2><strong>G\u00fcrtelpr\u00fcfung am 22.05.2023<\/strong><\/h2>\n\n\n\n<p>Gemeinsam mit unseren Freunden der SG Airbus aus Donauw\u00f6rth legten Jugendliche und Erwachsene ihre Pr\u00fcfung zu n\u00e4chsten Stufe ab. Nach Wochen und Monaten der Vorbereitung war der gro\u00dfe Tag gekommen und die Anspannung gro\u00df, da auch einige hohe G\u00fcrtel gepr\u00fcft wurden.<\/p>\n\n\n\n<p><strong>Pr\u00fcfer:<\/strong>&nbsp;&nbsp;&nbsp;&nbsp;&nbsp;&nbsp; <strong><em>Frank Oefele und Peter Martin<\/em><\/strong><\/p>\n\n\n\n<figure class=\"wp-block-table alignleft\"><table><thead><tr><th class=\"has-text-align-left\" data-align=\"left\"><strong>Gelb<\/strong>:&nbsp;<\/th><th><strong>Orange:<\/strong><\/th><th><strong>Gr\u00fcn:<\/strong><\/th><th><strong>Blau:&nbsp;&nbsp;<\/strong><\/th><th><strong>Braun:<\/strong><\/th><\/tr><\/thead><tbody><tr><td class=\"has-text-align-left\" data-align=\"left\">Patrick N\u00e4gler<br>Marissa Oresic (SG)<\/td><td>Xaver Schindele<br>Franz-Luis Schindele<br>Luis Liebh\u00e4user<br>Luca Seitz<br>Bernd Seitz<br>Paul Pittschaft (SG)&nbsp;<\/td><td>Rachel Pompa<\/td><td>Udo Rottmann (SG)&nbsp;&nbsp;<\/td><td>Branko Sch\u00e4pers (SG)<br>Otto Striegel (SG)<\/td><\/tr><\/tbody><\/table><\/figure>\n\n\n\n<div class=\"wp-container-13 wp-block-group\"><div class=\"wp-block-group__inner-container\">\n<p>                                                &nbsp;&nbsp;&nbsp;&nbsp;&nbsp;&nbsp;&nbsp;&nbsp;&nbsp;&nbsp;&nbsp;&nbsp;&nbsp;&nbsp;&nbsp;&nbsp;&nbsp;&nbsp;&nbsp;&nbsp;&nbsp;&nbsp;&nbsp;&nbsp;&nbsp;&nbsp;&nbsp;&nbsp;&nbsp;&nbsp;&nbsp;&nbsp;&nbsp;&nbsp;&nbsp;&nbsp;&nbsp;&nbsp;&nbsp;&nbsp;&nbsp;&nbsp;&nbsp;&nbsp;&nbsp;&nbsp;&nbsp;&nbsp;&nbsp;&nbsp;&nbsp;&nbsp;&nbsp;&nbsp;&nbsp;&nbsp;&nbsp; <\/p>\n<\/div><\/div>\n\n\n\n<figure class=\"wp-block-image size-large\"><img loading=\"lazy\" width=\"1024\" height=\"584\" src=\"https:\/\/ju-jutsu-deiningen.de\/wp-content\/uploads\/2023\/06\/GP_220523_Gruppe1-1024x584.jpg\" alt=\"\" class=\"wp-image-270\" srcset=\"https:\/\/ju-jutsu-deiningen.de\/wp-content\/uploads\/2023\/06\/GP_220523_Gruppe1-1024x584.jpg 1024w, https:\/\/ju-jutsu-deiningen.de\/wp-content\/uploads\/2023\/06\/GP_220523_Gruppe1-300x171.jpg 300w, https:\/\/ju-jutsu-deiningen.de\/wp-content\/uploads\/2023\/06\/GP_220523_Gruppe1-768x438.jpg 768w, https:\/\/ju-jutsu-deiningen.de\/wp-content\/uploads\/2023\/06\/GP_220523_Gruppe1-1536x876.jpg 1536w, https:\/\/ju-jutsu-deiningen.de\/wp-content\/uploads\/2023\/06\/GP_220523_Gruppe1-1400x800.jpg 1400w, https:\/\/ju-jutsu-deiningen.de\/wp-content\/uploads\/2023\/06\/GP_220523_Gruppe1.jpg 1887w\" sizes=\"(max-width: 1024px) 100vw, 1024px\" \/><\/figure>\n\n\n\n<h2><strong>Landeslehrgang in Deiningen mit Marlies Huber und Lisa Brunner<\/strong><\/h2>\n\n\n\n<figure class=\"wp-block-image size-large\"><img loading=\"lazy\" width=\"1024\" height=\"427\" src=\"https:\/\/ju-jutsu-deiningen.de\/wp-content\/uploads\/2023\/05\/DSC_1019a-1024x427.jpg\" alt=\"\" class=\"wp-image-249\" srcset=\"https:\/\/ju-jutsu-deiningen.de\/wp-content\/uploads\/2023\/05\/DSC_1019a-1024x427.jpg 1024w, https:\/\/ju-jutsu-deiningen.de\/wp-content\/uploads\/2023\/05\/DSC_1019a-300x125.jpg 300w, https:\/\/ju-jutsu-deiningen.de\/wp-content\/uploads\/2023\/05\/DSC_1019a-768x320.jpg 768w, https:\/\/ju-jutsu-deiningen.de\/wp-content\/uploads\/2023\/05\/DSC_1019a-1536x641.jpg 1536w, https:\/\/ju-jutsu-deiningen.de\/wp-content\/uploads\/2023\/05\/DSC_1019a-2048x854.jpg 2048w\" sizes=\"(max-width: 1024px) 100vw, 1024px\" \/><\/figure>\n\n\n\n<p>Am Sonntag, 23.04.2023, fanden sich 25 Sportler aus ganz Bayern in der Sporthalle in Deiningen ein. Die SpVgg Deiningen feiert heuer ihr 75-J\u00e4hriges Jubil\u00e4um und gleichzeitig feiert auch die Ju-Jutsu-Abteilung ihre Gr\u00fcndung vor bereits 40 Jahren.<\/p>\n\n\n\n<p>In diesem Jubil\u00e4umslehrgang standen Armstreckhebel und \u00dcbergang Stand\/Boden auf dem Programm.&nbsp;Die Referentinnen&nbsp; Marlies Huber und Lisa Brunner starteten nach einem abwechslungsreichen und&nbsp; warm-up mit dem \u00dcbergang Stand\/Boden. Die gezeigten Techniken wurden anschaulich aufgegliedert, so dass alle Anwesenden, unabh\u00e4ngig vom Kenntnisstand das Gezeigte gut aufnehmen konnten. Gleichzeitig bekamen die Anwesenden noch eine kostenlose Einweisung in die bayerische Sprache, was von den meist schw\u00e4bisch sprechenden Teilnehmern entsprechend honoriert wurde.<\/p>\n\n\n\n<p>Nach einer kurzen Pause bei Kaffee und Kuchen folgte der zweite Teil mit dem Thema Armstreckhebel nach einem spa\u00dfigen Warmmachen mit W\u00e4scheklammern (Klupperl). Marlies und Lisa bauten auch hier verschiedene Armstreckhebel schulbuchm\u00e4\u00dfig auf, so dass diese von allen nach kurzer Zeit beherrscht wurden.<\/p>\n\n\n\n<p>Die vier abwechslungsreichen Stunden vergingen wie im Fluge und mit viel Applaus bedankten sich die Teilnehmer bei den Referentinnen f\u00fcr den gelungenen Lehrgang.<\/p>\n\n\n\n<p>Es war wieder ein toller Landeslehrgang \u2013 auch dank der zahlreichen Kuchenspenden, die uns die Pause vers\u00fc\u00dften.<\/p>\n\n\n\n<figure class=\"wp-container-15 wp-block-gallery-14 wp-block-gallery has-nested-images columns-default is-cropped\">\n<figure class=\"wp-block-image size-large\"><img loading=\"lazy\" width=\"1024\" height=\"684\" data-id=\"254\"  src=\"https:\/\/ju-jutsu-deiningen.de\/wp-content\/uploads\/2023\/05\/DSC_0924-1024x684.jpg\" alt=\"\" class=\"wp-image-254\" srcset=\"https:\/\/ju-jutsu-deiningen.de\/wp-content\/uploads\/2023\/05\/DSC_0924-1024x684.jpg 1024w, https:\/\/ju-jutsu-deiningen.de\/wp-content\/uploads\/2023\/05\/DSC_0924-300x201.jpg 300w, https:\/\/ju-jutsu-deiningen.de\/wp-content\/uploads\/2023\/05\/DSC_0924-768x513.jpg 768w, https:\/\/ju-jutsu-deiningen.de\/wp-content\/uploads\/2023\/05\/DSC_0924-1536x1027.jpg 1536w, https:\/\/ju-jutsu-deiningen.de\/wp-content\/uploads\/2023\/05\/DSC_0924-2048x1369.jpg 2048w\" sizes=\"(max-width: 1024px) 100vw, 1024px\" \/><\/figure>\n\n\n\n<figure class=\"wp-block-image size-large\"><img loading=\"lazy\" width=\"1024\" height=\"684\" data-id=\"253\"  src=\"https:\/\/ju-jutsu-deiningen.de\/wp-content\/uploads\/2023\/05\/DSC_0965-1024x684.jpg\" alt=\"\" class=\"wp-image-253\" srcset=\"https:\/\/ju-jutsu-deiningen.de\/wp-content\/uploads\/2023\/05\/DSC_0965-1024x684.jpg 1024w, https:\/\/ju-jutsu-deiningen.de\/wp-content\/uploads\/2023\/05\/DSC_0965-300x201.jpg 300w, https:\/\/ju-jutsu-deiningen.de\/wp-content\/uploads\/2023\/05\/DSC_0965-768x513.jpg 768w, https:\/\/ju-jutsu-deiningen.de\/wp-content\/uploads\/2023\/05\/DSC_0965-1536x1027.jpg 1536w, https:\/\/ju-jutsu-deiningen.de\/wp-content\/uploads\/2023\/05\/DSC_0965-2048x1369.jpg 2048w\" sizes=\"(max-width: 1024px) 100vw, 1024px\" \/><\/figure>\n\n\n\n<figure class=\"wp-block-image size-large\"><img loading=\"lazy\" width=\"1024\" height=\"684\" data-id=\"255\"  src=\"https:\/\/ju-jutsu-deiningen.de\/wp-content\/uploads\/2023\/05\/DSC_1009-1024x684.jpg\" alt=\"\" class=\"wp-image-255\" srcset=\"https:\/\/ju-jutsu-deiningen.de\/wp-content\/uploads\/2023\/05\/DSC_1009-1024x684.jpg 1024w, https:\/\/ju-jutsu-deiningen.de\/wp-content\/uploads\/2023\/05\/DSC_1009-300x201.jpg 300w, https:\/\/ju-jutsu-deiningen.de\/wp-content\/uploads\/2023\/05\/DSC_1009-768x513.jpg 768w, https:\/\/ju-jutsu-deiningen.de\/wp-content\/uploads\/2023\/05\/DSC_1009-1536x1027.jpg 1536w, https:\/\/ju-jutsu-deiningen.de\/wp-content\/uploads\/2023\/05\/DSC_1009-2048x1369.jpg 2048w\" sizes=\"(max-width: 1024px) 100vw, 1024px\" \/><\/figure>\n\n\n\n<figure class=\"wp-block-image size-large\"><img loading=\"lazy\" width=\"1024\" height=\"684\" data-id=\"256\"  src=\"https:\/\/ju-jutsu-deiningen.de\/wp-content\/uploads\/2023\/05\/DSC_1024-1024x684.jpg\" alt=\"\" class=\"wp-image-256\" srcset=\"https:\/\/ju-jutsu-deiningen.de\/wp-content\/uploads\/2023\/05\/DSC_1024-1024x684.jpg 1024w, https:\/\/ju-jutsu-deiningen.de\/wp-content\/uploads\/2023\/05\/DSC_1024-300x201.jpg 300w, https:\/\/ju-jutsu-deiningen.de\/wp-content\/uploads\/2023\/05\/DSC_1024-768x513.jpg 768w, https:\/\/ju-jutsu-deiningen.de\/wp-content\/uploads\/2023\/05\/DSC_1024-1536x1027.jpg 1536w, https:\/\/ju-jutsu-deiningen.de\/wp-content\/uploads\/2023\/05\/DSC_1024-2048x1369.jpg 2048w\" sizes=\"(max-width: 1024px) 100vw, 1024px\" \/><\/figure>\n<\/figure>\n\n\n\n<p><\/p>\n\n\n\n<h2><strong>Neue G\u00fcrtelfarben f\u00fcr die J\u00fcngsten<\/strong><\/h2>\n\n\n<div class=\"wp-block-image\">\n<figure class=\"alignleft size-large is-resized\"><img loading=\"lazy\" src=\"https:\/\/ju-jutsu-deiningen.de\/wp-content\/uploads\/2023\/03\/Gruppe2-1024x594.jpg\" alt=\"\" class=\"wp-image-244\" width=\"706\" height=\"409\" srcset=\"https:\/\/ju-jutsu-deiningen.de\/wp-content\/uploads\/2023\/03\/Gruppe2-1024x594.jpg 1024w, https:\/\/ju-jutsu-deiningen.de\/wp-content\/uploads\/2023\/03\/Gruppe2-300x174.jpg 300w, https:\/\/ju-jutsu-deiningen.de\/wp-content\/uploads\/2023\/03\/Gruppe2-768x446.jpg 768w, https:\/\/ju-jutsu-deiningen.de\/wp-content\/uploads\/2023\/03\/Gruppe2-1536x891.jpg 1536w, https:\/\/ju-jutsu-deiningen.de\/wp-content\/uploads\/2023\/03\/Gruppe2-2048x1188.jpg 2048w\" sizes=\"(max-width: 706px) 100vw, 706px\" \/><\/figure><\/div>\n\n\n<p>Die J\u00fcngsten der Abteilung&nbsp; Ju-Jutsu der SpVgg Deiningen legten ihre Pr\u00fcfung zur n\u00e4chsten Stufe ab. &nbsp;Die G\u00fcrtelfarben gingen vom gelben Drachen bis zum gelb-orangen G\u00fcrtel.&nbsp; Nach Wochen der Vorbereitung war der gro\u00dfe Tag gekommen und die Aufregung gro\u00df, da es f\u00fcr einige die erste Pr\u00fcfung war.&nbsp; Die Pr\u00fcfungsthemen reichten von Bewegungslehre \u00fcber Fallschule bis zu Hebeltechniken und W\u00fcrfen. <\/p>\n\n\n\n<p><\/p>\n\n\n\n<p>&nbsp;Unter den Augen des Pr\u00fcfers Frank Oefele zeigten die Pr\u00fcflinge ihre erlernten Techniken und konnten am Ende stolz ihre neuen G\u00fcrtel entgegennehmen.<\/p>\n\n\n\n<p>Die Pr\u00fcfung zum gelben G\u00fcrtel legten Lena Frisch, Johanna Grau, Neele Gruber und Leon Kandzia ab.&nbsp; Den wei\u00df-gelben G\u00fcrtel&nbsp; erhielten Lina Kirstein, Jona Scharf, Emely Ladenburger und &nbsp;Johannes Ladenburger. Ihre erste Pr\u00fcfung zum&nbsp; gelben Drachen bestanden Moritz Ruf, Ben Burkhard, Elena Karl , Max Liebh\u00e4user und Lia Wiedemann .&nbsp; Schlie\u00dflich erhielten noch Livia Schneider und Valentin Prochno den gelb-orangen G\u00fcrtel . Die Anstrengungen der Vorbereitung hatten schlie\u00dflich zum Erfolg gef\u00fchrt.<\/p>\n","protected":false},"excerpt":{"rendered":"<p>Schnupperkurs 2023 Von Oktober bis Dezember 2023 f\u00fchrten wir wieder einen Schnupperkurs durch. Dieses mal in Zusammenarbeit mit der VHS N\u00f6rdlingen \/ Au\u00dfenstelle Deiningen. Dies &hellip; <\/p>\n","protected":false},"author":1,"featured_media":0,"parent":0,"menu_order":0,"comment_status":"closed","ping_status":"closed","template":"","meta":[],"_links":{"self":[{"href":"https:\/\/ju-jutsu-deiningen.de\/index.php?rest_route=\/wp\/v2\/pages\/243"}],"collection":[{"href":"https:\/\/ju-jutsu-deiningen.de\/index.php?rest_route=\/wp\/v2\/pages"}],"about":[{"href":"https:\/\/ju-jutsu-deiningen.de\/index.php?rest_route=\/wp\/v2\/types\/page"}],"author":[{"embeddable":true,"href":"https:\/\/ju-jutsu-deiningen.de\/index.php?rest_route=\/wp\/v2\/users\/1"}],"replies":[{"embeddable":true,"href":"https:\/\/ju-jutsu-deiningen.de\/index.php?rest_route=%2Fwp%2Fv2%2Fcomments&post=243"}],"version-history":[{"count":13,"href":"https:\/\/ju-jutsu-deiningen.de\/index.php?rest_route=\/wp\/v2\/pages\/243\/revisions"}],"predecessor-version":[{"id":350,"href":"https:\/\/ju-jutsu-deiningen.de\/index.php?rest_route=\/wp\/v2\/pages\/243\/revisions\/350"}],"wp:attachment":[{"href":"https:\/\/ju-jutsu-deiningen.de\/index.php?rest_route=%2Fwp%2Fv2%2Fmedia&parent=243"}],"curies":[{"name":"wp","href":"https:\/\/api.w.org\/{rel}","templated":true}]}}